{"id":433,"date":"2026-03-12T08:25:30","date_gmt":"2026-03-12T08:25:30","guid":{"rendered":"https:\/\/palmaeventss.com\/?page_id=433"},"modified":"2026-04-27T11:13:14","modified_gmt":"2026-04-27T11:13:14","slug":"summer-festivals-in-mallorca","status":"publish","type":"page","link":"https:\/\/palmaeventss.com\/en\/fiestas-verano-en-mallorca\/","title":{"rendered":"Parties Summer 2026 in Mallorca"},"content":{"rendered":"\t\t<div data-elementor-type=\"wp-page\" data-elementor-id=\"433\" class=\"elementor elementor-433\" data-elementor-post-type=\"page\">\n\t\t\t\t<div class=\"e-con-height-full elementor-element elementor-element-f762472 e-con-full e-flex sc_layouts_column_icons_position_left animation_type_block elementor-invisible e-con e-parent\" data-animation-type=\"block\" data-id=\"f762472\" data-element_type=\"container\" data-e-type=\"container\" data-settings=\"{&quot;background_background&quot;:&quot;classic&quot;,&quot;animation&quot;:&quot;ta_fadein&quot;}\">\n\t\t<div class=\"elementor-element elementor-element-df4a953 e-con-full e-flex sc_layouts_column_icons_position_left e-con e-child\" data-id=\"df4a953\" data-element_type=\"container\" data-e-type=\"container\">\n\t\t\t\t<div data-animation-type=\"line\" data-animation-stagger=\"80\" class=\"elementor-element elementor-element-3c084f1 elementor-widget__width-initial animation_type_line sc_fly_static elementor-invisible elementor-widget elementor-widget-heading\" data-id=\"3c084f1\" data-element_type=\"widget\" data-e-type=\"widget\" data-settings=\"{&quot;_animation&quot;:&quot;ta_fadeinup&quot;,&quot;_animation_delay&quot;:100}\" data-widget_type=\"heading.default\">\n\t\t\t\t\t<h1 class=\"elementor-heading-title elementor-size-default\">Fiestas Verano 2026 en Mallorca<\/h1>\t\t\t\t<\/div>\n\t\t\t\t<\/div>\n\t\t<div class=\"elementor-element elementor-element-4e400a3 e-con-full e-flex sc_layouts_column_icons_position_left e-con e-child\" data-id=\"4e400a3\" data-element_type=\"container\" data-e-type=\"container\">\n\t\t\t\t<div data-animation-type=\"block\" class=\"elementor-element elementor-element-345c968 trx-addons-icon-list-traditional elementor-list-item-link-inline trx-addons-icon-left animation_type_block sc_fly_static elementor-invisible elementor-widget elementor-widget-trx_elm_icon_list\" data-id=\"345c968\" data-element_type=\"widget\" data-e-type=\"widget\" data-settings=\"{&quot;_animation&quot;:&quot;ta_fadeinup&quot;}\" data-widget_type=\"trx_elm_icon_list.default\">\n\t\t\t\t<div class=\"elementor-widget-container\">\n\t\t\t\t\t\t\t<div class=\"trx-addons-list-container\">\n\t\t\t<ul class=\"trx-addons-list-items\">\n\t\t\t\t\t\t\t\t\t\t\t\t\t\t\t\t\t<\/ul>\n\t\t<\/div>\n\t\t\t\t\t\t<\/div>\n\t\t\t\t<\/div>\n\t\t<div class=\"elementor-element elementor-element-288cbea e-con-full e-flex sc_layouts_column_icons_position_left e-con e-child\" data-id=\"288cbea\" data-element_type=\"container\" data-e-type=\"container\">\n\t\t<div class=\"elementor-element elementor-element-708056d e-con-full e-flex sc_layouts_column_icons_position_left e-con e-child\" data-id=\"708056d\" data-element_type=\"container\" data-e-type=\"container\">\n\t\t\t\t<div data-animation-type=\"block\" class=\"elementor-element elementor-element-e536175 elementor-widget__width-initial animation_type_block sc_fly_static elementor-invisible elementor-widget elementor-widget-text-editor\" data-id=\"e536175\" data-element_type=\"widget\" data-e-type=\"widget\" data-settings=\"{&quot;_animation&quot;:&quot;ta_fadeinup&quot;,&quot;_animation_delay&quot;:400}\" data-widget_type=\"text-editor.default\">\n\t\t\t\t\t\t\t\t\t<p data-start=\"489\" data-end=\"596\">Descubre los mejores eventos y fiestas en Mallorca de este verano 2026. Encuentra planes para salir, bailar y disfrutar de la noche en la isla.<\/p>\t\t\t\t\t\t\t\t<\/div>\n\t\t\t\t<\/div>\n\t\t\t\t<\/div>\n\t\t\t\t<\/div>\n\t\t\t\t<\/div>\n\t\t<div class=\"elementor-element elementor-element-d4d5e4b e-flex e-con-boxed sc_layouts_column_icons_position_left e-con e-parent\" data-id=\"d4d5e4b\" data-element_type=\"container\" data-e-type=\"container\" id=\"events\">\n\t\t\t\t\t<div class=\"e-con-inner\">\n\t\t\t\t<div data-animation-type=\"block\" class=\"elementor-element elementor-element-629f5f0 animation_type_block sc_fly_static elementor-invisible elementor-widget elementor-widget-heading\" data-id=\"629f5f0\" data-element_type=\"widget\" data-e-type=\"widget\" data-settings=\"{&quot;_animation&quot;:&quot;ta_fadeinup&quot;}\" data-widget_type=\"heading.default\">\n\t\t\t\t\t<h2 class=\"elementor-heading-title elementor-size-default\">Fiestas verano 2026 en Mallorca\n<\/h2>\t\t\t\t<\/div>\n\t\t\t\t<div data-animation-type=\"block\" class=\"elementor-element elementor-element-3f60411 animation_type_block sc_fly_static elementor-invisible elementor-widget elementor-widget-heading\" data-id=\"3f60411\" data-element_type=\"widget\" data-e-type=\"widget\" data-settings=\"{&quot;_animation&quot;:&quot;ta_fadeinup&quot;,&quot;_animation_delay&quot;:100}\" data-widget_type=\"heading.default\">\n\t\t\t\t\t<h3 class=\"elementor-heading-title elementor-size-default\">Pr\u00f3ximos Eventos:<\/h3>\t\t\t\t<\/div>\n\t\t\t\t<div data-animation-type=\"block\" class=\"elementor-element elementor-element-21f9c6f elementor-widget-divider--view-line animation_type_block sc_fly_static elementor-invisible elementor-widget elementor-widget-divider\" data-id=\"21f9c6f\" data-element_type=\"widget\" data-e-type=\"widget\" data-settings=\"{&quot;_animation&quot;:&quot;ta_fadeinup&quot;}\" data-widget_type=\"divider.default\">\n\t\t\t\t\t\t\t<div class=\"elementor-divider\">\n\t\t\t<span class=\"elementor-divider-separator\">\n\t\t\t\t\t\t<\/span>\n\t\t<\/div>\n\t\t\t\t\t\t<\/div>\n\t\t\t\t\t<\/div>\n\t\t\t\t<\/div>\n\t\t<div class=\"elementor-element elementor-element-ecbbc84 e-flex e-con-boxed sc_layouts_column_icons_position_left e-con e-parent\" data-id=\"ecbbc84\" data-element_type=\"container\" data-e-type=\"container\">\n\t\t\t\t\t<div class=\"e-con-inner\">\n\t\t\t\t<div class=\"elementor-element elementor-element-384d778 sc_fly_static elementor-widget elementor-widget-shortcode\" data-id=\"384d778\" data-element_type=\"widget\" data-e-type=\"widget\" data-widget_type=\"shortcode.default\">\n\t\t\t\t\t\t\t<div class=\"elementor-shortcode\"><div class=\"palma-events-summer-2026\"><div class=\"palma-event-item\" style=\"display:flex;justify-content:space-between;align-items:center;gap:30px;padding:30px 0;border-bottom:1px solid #ccc;flex-wrap:wrap;\"><div class=\"palma-event-image\" style=\"min-width:180px;max-width:180px;\"><img decoding=\"async\" src=\"https:\/\/palmaeventss.com\/wp-content\/uploads\/2026\/04\/LUNATICOS-FLYER-19-169x300.png\" alt=\"Lun\u00e1ticos x Palma Events &#8211; Viernes 15 Mayo\" style=\"width:180px;height:180px;object-fit:cover;border-radius:12px;display:block;\"><\/div><div class=\"palma-event-date\" style=\"min-width:140px;\"><div style=\"font-size:48px;font-weight:700;line-height:1;\">15<\/div><div style=\"font-size:18px;line-height:1.2;margin-top:8px;\">May, 2026<\/div><\/div><div class=\"palma-event-info\" style=\"flex:1;min-width:260px;\"><h3 style=\"margin:0 0 10px 0;font-size:42px;line-height:1.05;\">Lun\u00e1ticos x Palma Events &#8211; Viernes 15 Mayo<\/h3><div style=\"font-size:18px;display:flex;gap:30px;flex-wrap:wrap;\"><span>Sala Luna (Santa Catalina)<\/span><span>23:30 - 18:00<\/span><\/div><\/div><div class=\"palma-event-button\"><a href=\"https:\/\/www.fourvenues.com\/palma-events\/Y3G0\" target=\"_blank\" rel=\"noopener\" style=\"display:inline-block;background:#ff3b1f;color:#fff;padding:16px 28px;border-radius:999px;font-weight:700;text-decoration:none;\">Comprar Entradas<\/a><\/div><\/div><div class=\"palma-event-item\" style=\"display:flex;justify-content:space-between;align-items:center;gap:30px;padding:30px 0;border-bottom:1px solid #ccc;flex-wrap:wrap;\"><div class=\"palma-event-image\" style=\"min-width:180px;max-width:180px;\"><img decoding=\"async\" src=\"https:\/\/palmaeventss.com\/wp-content\/uploads\/2026\/04\/LUNATICOS-FLYER-19-169x300.png\" alt=\"Lun\u00e1ticos x Palma Events &#8211; Viernes 22 Mayo\" style=\"width:180px;height:180px;object-fit:cover;border-radius:12px;display:block;\"><\/div><div class=\"palma-event-date\" style=\"min-width:140px;\"><div style=\"font-size:48px;font-weight:700;line-height:1;\">22<\/div><div style=\"font-size:18px;line-height:1.2;margin-top:8px;\">May, 2026<\/div><\/div><div class=\"palma-event-info\" style=\"flex:1;min-width:260px;\"><h3 style=\"margin:0 0 10px 0;font-size:42px;line-height:1.05;\">Lun\u00e1ticos x Palma Events &#8211; Viernes 22 Mayo<\/h3><div style=\"font-size:18px;display:flex;gap:30px;flex-wrap:wrap;\"><span>Sala Luna (Santa Catalina)<\/span><span>23:30 - 18:00<\/span><\/div><\/div><div class=\"palma-event-button\"><a href=\"https:\/\/www.fourvenues.com\/palma-events\/JY2H\" target=\"_blank\" rel=\"noopener\" style=\"display:inline-block;background:#ff3b1f;color:#fff;padding:16px 28px;border-radius:999px;font-weight:700;text-decoration:none;\">Comprar Entradas<\/a><\/div><\/div><div class=\"palma-event-item\" style=\"display:flex;justify-content:space-between;align-items:center;gap:30px;padding:30px 0;border-bottom:1px solid #ccc;flex-wrap:wrap;\"><div class=\"palma-event-image\" style=\"min-width:180px;max-width:180px;\"><img decoding=\"async\" src=\"https:\/\/palmaeventss.com\/wp-content\/uploads\/2026\/04\/LUNATICOS-FLYER-19-169x300.png\" alt=\"Lun\u00e1ticos x Palma Events &#8211; Viernes 29 Mayo\" style=\"width:180px;height:180px;object-fit:cover;border-radius:12px;display:block;\"><\/div><div class=\"palma-event-date\" style=\"min-width:140px;\"><div style=\"font-size:48px;font-weight:700;line-height:1;\">29<\/div><div style=\"font-size:18px;line-height:1.2;margin-top:8px;\">May, 2026<\/div><\/div><div class=\"palma-event-info\" style=\"flex:1;min-width:260px;\"><h3 style=\"margin:0 0 10px 0;font-size:42px;line-height:1.05;\">Lun\u00e1ticos x Palma Events &#8211; Viernes 29 Mayo<\/h3><div style=\"font-size:18px;display:flex;gap:30px;flex-wrap:wrap;\"><span>Sala Luna (Santa Catalina)<\/span><span>00:00 - 06:00<\/span><\/div><\/div><div class=\"palma-event-button\"><a href=\"https:\/\/www.fourvenues.com\/palma-events\/GMT7\" target=\"_blank\" rel=\"noopener\" style=\"display:inline-block;background:#ff3b1f;color:#fff;padding:16px 28px;border-radius:999px;font-weight:700;text-decoration:none;\">Comprar Entradas<\/a><\/div><\/div><\/div><\/div>\n\t\t\t\t\t\t<\/div>\n\t\t\t\t\t<\/div>\n\t\t\t\t<\/div>\n\t\t<div class=\"elementor-element elementor-element-14e4778 e-flex e-con-boxed sc_layouts_column_icons_position_left e-con e-parent\" data-id=\"14e4778\" data-element_type=\"container\" data-e-type=\"container\">\n\t\t\t\t\t<div class=\"e-con-inner\">\n\t\t<div class=\"elementor-element elementor-element-7d261f9 e-con-full e-flex sc_layouts_column_icons_position_left e-con e-child\" data-id=\"7d261f9\" data-element_type=\"container\" data-e-type=\"container\">\n\t\t\t\t<div class=\"elementor-element elementor-element-7888a60 elementor-align-center sc_fly_static elementor-widget elementor-widget-button\" data-id=\"7888a60\" data-element_type=\"widget\" data-e-type=\"widget\" data-widget_type=\"button.default\">\n\t\t\t\t\t\t\t\t\t\t<a class=\"elementor-button elementor-button-link elementor-size-sm\" href=\"https:\/\/palmaeventss.com\/hoy-en-mallorca\/\">\n\t\t\t\t\t\t<span class=\"elementor-button-content-wrapper\">\n\t\t\t\t\t\t\t\t\t<span class=\"elementor-button-text\">Fiestas Hoy<\/span>\n\t\t\t\t\t<\/span>\n\t\t\t\t\t<\/a>\n\t\t\t\t\t\t\t\t<\/div>\n\t\t\t\t<\/div>\n\t\t<div class=\"elementor-element elementor-element-89b83db e-con-full e-flex sc_layouts_column_icons_position_left e-con e-child\" data-id=\"89b83db\" data-element_type=\"container\" data-e-type=\"container\">\n\t\t\t\t<div class=\"elementor-element elementor-element-26bcce7 elementor-align-center sc_fly_static elementor-widget elementor-widget-button\" data-id=\"26bcce7\" data-element_type=\"widget\" data-e-type=\"widget\" data-widget_type=\"button.default\">\n\t\t\t\t\t\t\t\t\t\t<a class=\"elementor-button elementor-button-link elementor-size-sm\" href=\"https:\/\/palmaeventss.com\/manana-en-mallorca\/\">\n\t\t\t\t\t\t<span class=\"elementor-button-content-wrapper\">\n\t\t\t\t\t\t\t\t\t<span class=\"elementor-button-text\">Fiestas Ma\u00f1ana<\/span>\n\t\t\t\t\t<\/span>\n\t\t\t\t\t<\/a>\n\t\t\t\t\t\t\t\t<\/div>\n\t\t\t\t<\/div>\n\t\t<div class=\"elementor-element elementor-element-18d8aba e-con-full e-flex sc_layouts_column_icons_position_left e-con e-child\" data-id=\"18d8aba\" data-element_type=\"container\" data-e-type=\"container\" data-settings=\"{&quot;background_background&quot;:&quot;classic&quot;}\">\n\t\t\t\t<div class=\"elementor-element elementor-element-ac39f98 elementor-align-center sc_fly_static elementor-widget elementor-widget-button\" data-id=\"ac39f98\" data-element_type=\"widget\" data-e-type=\"widget\" data-widget_type=\"button.default\">\n\t\t\t\t\t\t\t\t\t\t<a class=\"elementor-button elementor-button-link elementor-size-sm\" href=\"https:\/\/palmaeventss.com\/este-finde-en-mallorca\/\">\n\t\t\t\t\t\t<span class=\"elementor-button-content-wrapper\">\n\t\t\t\t\t\t\t\t\t<span class=\"elementor-button-text\">Fiestas Este Finde<\/span>\n\t\t\t\t\t<\/span>\n\t\t\t\t\t<\/a>\n\t\t\t\t\t\t\t\t<\/div>\n\t\t\t\t<\/div>\n\t\t<div class=\"elementor-element elementor-element-e44be2f e-con-full e-flex sc_layouts_column_icons_position_left e-con e-child\" data-id=\"e44be2f\" data-element_type=\"container\" data-e-type=\"container\">\n\t\t\t\t<div class=\"elementor-element elementor-element-ed948f0 elementor-align-center sc_fly_static elementor-widget elementor-widget-button\" data-id=\"ed948f0\" data-element_type=\"widget\" data-e-type=\"widget\" data-widget_type=\"button.default\">\n\t\t\t\t\t\t\t\t\t\t<a class=\"elementor-button elementor-button-link elementor-size-sm\" href=\"https:\/\/palmaeventss.com\/todos-los-eventos-en-mallorca\/\">\n\t\t\t\t\t\t<span class=\"elementor-button-content-wrapper\">\n\t\t\t\t\t\t\t\t\t<span class=\"elementor-button-text\">Todos los Eventos<\/span>\n\t\t\t\t\t<\/span>\n\t\t\t\t\t<\/a>\n\t\t\t\t\t\t\t\t<\/div>\n\t\t\t\t<\/div>\n\t\t\t\t\t<\/div>\n\t\t\t\t<\/div>\n\t\t<div class=\"elementor-element elementor-element-9d21047 e-grid e-con-full sc_layouts_column_icons_position_left e-con e-parent\" data-id=\"9d21047\" data-element_type=\"container\" data-e-type=\"container\">\n\t\t\t\t<div class=\"elementor-element elementor-element-3f3ebab sc_fly_static elementor-widget elementor-widget-image\" data-id=\"3f3ebab\" data-element_type=\"widget\" data-e-type=\"widget\" data-widget_type=\"image.default\">\n\t\t\t\t\t\t\t\t\t\t\t\t\t\t\t<img fetchpriority=\"high\" decoding=\"async\" width=\"683\" height=\"1024\" src=\"https:\/\/palmaeventss.com\/wp-content\/uploads\/2026\/03\/fiestas-mallorca-bloque-4-683x1024.jpg\" class=\"attachment-large size-large wp-image-930\" alt=\"\" srcset=\"https:\/\/palmaeventss.com\/wp-content\/uploads\/2026\/03\/fiestas-mallorca-bloque-4-683x1024.jpg 683w, https:\/\/palmaeventss.com\/wp-content\/uploads\/2026\/03\/fiestas-mallorca-bloque-4-200x300.jpg 200w, https:\/\/palmaeventss.com\/wp-content\/uploads\/2026\/03\/fiestas-mallorca-bloque-4-768x1152.jpg 768w, https:\/\/palmaeventss.com\/wp-content\/uploads\/2026\/03\/fiestas-mallorca-bloque-4-8x12.jpg 8w, https:\/\/palmaeventss.com\/wp-content\/uploads\/2026\/03\/fiestas-mallorca-bloque-4-370x555.jpg 370w, https:\/\/palmaeventss.com\/wp-content\/uploads\/2026\/03\/fiestas-mallorca-bloque-4-410x615.jpg 410w, https:\/\/palmaeventss.com\/wp-content\/uploads\/2026\/03\/fiestas-mallorca-bloque-4.jpg 800w\" sizes=\"(max-width: 767px) 100vw, 683px\" \/>\t\t\t\t\t\t\t\t\t\t\t\t\t\t\t<\/div>\n\t\t\t\t<div class=\"elementor-element elementor-element-fd6f3a4 sc_fly_static elementor-widget elementor-widget-image\" data-id=\"fd6f3a4\" data-element_type=\"widget\" data-e-type=\"widget\" data-widget_type=\"image.default\">\n\t\t\t\t\t\t\t\t\t\t\t\t\t\t\t<img decoding=\"async\" width=\"683\" height=\"1024\" src=\"https:\/\/palmaeventss.com\/wp-content\/uploads\/2026\/03\/fiestas-mallorca-bloque-3-683x1024.jpg\" class=\"attachment-large size-large wp-image-929\" alt=\"\" srcset=\"https:\/\/palmaeventss.com\/wp-content\/uploads\/2026\/03\/fiestas-mallorca-bloque-3-683x1024.jpg 683w, https:\/\/palmaeventss.com\/wp-content\/uploads\/2026\/03\/fiestas-mallorca-bloque-3-200x300.jpg 200w, https:\/\/palmaeventss.com\/wp-content\/uploads\/2026\/03\/fiestas-mallorca-bloque-3-768x1152.jpg 768w, https:\/\/palmaeventss.com\/wp-content\/uploads\/2026\/03\/fiestas-mallorca-bloque-3-8x12.jpg 8w, https:\/\/palmaeventss.com\/wp-content\/uploads\/2026\/03\/fiestas-mallorca-bloque-3-370x555.jpg 370w, https:\/\/palmaeventss.com\/wp-content\/uploads\/2026\/03\/fiestas-mallorca-bloque-3-410x615.jpg 410w, https:\/\/palmaeventss.com\/wp-content\/uploads\/2026\/03\/fiestas-mallorca-bloque-3.jpg 800w\" sizes=\"(max-width: 767px) 100vw, 683px\" \/>\t\t\t\t\t\t\t\t\t\t\t\t\t\t\t<\/div>\n\t\t\t\t<div class=\"elementor-element elementor-element-fa71787 sc_fly_static elementor-widget elementor-widget-image\" data-id=\"fa71787\" data-element_type=\"widget\" data-e-type=\"widget\" data-widget_type=\"image.default\">\n\t\t\t\t\t\t\t\t\t\t\t\t\t\t\t<img decoding=\"async\" width=\"683\" height=\"1024\" src=\"https:\/\/palmaeventss.com\/wp-content\/uploads\/2026\/03\/fiestas-mallorca-bloque-2-683x1024.jpg\" class=\"attachment-large size-large wp-image-928\" alt=\"\" srcset=\"https:\/\/palmaeventss.com\/wp-content\/uploads\/2026\/03\/fiestas-mallorca-bloque-2-683x1024.jpg 683w, https:\/\/palmaeventss.com\/wp-content\/uploads\/2026\/03\/fiestas-mallorca-bloque-2-200x300.jpg 200w, https:\/\/palmaeventss.com\/wp-content\/uploads\/2026\/03\/fiestas-mallorca-bloque-2-768x1152.jpg 768w, https:\/\/palmaeventss.com\/wp-content\/uploads\/2026\/03\/fiestas-mallorca-bloque-2-8x12.jpg 8w, https:\/\/palmaeventss.com\/wp-content\/uploads\/2026\/03\/fiestas-mallorca-bloque-2-370x555.jpg 370w, https:\/\/palmaeventss.com\/wp-content\/uploads\/2026\/03\/fiestas-mallorca-bloque-2-410x615.jpg 410w, https:\/\/palmaeventss.com\/wp-content\/uploads\/2026\/03\/fiestas-mallorca-bloque-2.jpg 800w\" sizes=\"(max-width: 767px) 100vw, 683px\" \/>\t\t\t\t\t\t\t\t\t\t\t\t\t\t\t<\/div>\n\t\t\t\t<div class=\"elementor-element elementor-element-7e50850 sc_fly_static elementor-widget elementor-widget-image\" data-id=\"7e50850\" data-element_type=\"widget\" data-e-type=\"widget\" data-widget_type=\"image.default\">\n\t\t\t\t\t\t\t\t\t\t\t\t\t\t\t<img loading=\"lazy\" decoding=\"async\" width=\"683\" height=\"1024\" src=\"https:\/\/palmaeventss.com\/wp-content\/uploads\/2026\/03\/fiestas-mallorca-bloque-1-683x1024.jpg\" class=\"attachment-large size-large wp-image-927\" alt=\"\" srcset=\"https:\/\/palmaeventss.com\/wp-content\/uploads\/2026\/03\/fiestas-mallorca-bloque-1-683x1024.jpg 683w, https:\/\/palmaeventss.com\/wp-content\/uploads\/2026\/03\/fiestas-mallorca-bloque-1-200x300.jpg 200w, https:\/\/palmaeventss.com\/wp-content\/uploads\/2026\/03\/fiestas-mallorca-bloque-1-768x1152.jpg 768w, https:\/\/palmaeventss.com\/wp-content\/uploads\/2026\/03\/fiestas-mallorca-bloque-1-8x12.jpg 8w, https:\/\/palmaeventss.com\/wp-content\/uploads\/2026\/03\/fiestas-mallorca-bloque-1-370x555.jpg 370w, https:\/\/palmaeventss.com\/wp-content\/uploads\/2026\/03\/fiestas-mallorca-bloque-1-410x615.jpg 410w, https:\/\/palmaeventss.com\/wp-content\/uploads\/2026\/03\/fiestas-mallorca-bloque-1.jpg 800w\" sizes=\"(max-width: 767px) 100vw, 683px\" \/>\t\t\t\t\t\t\t\t\t\t\t\t\t\t\t<\/div>\n\t\t\t\t<\/div>\n\t\t<div class=\"elementor-element elementor-element-f5261e9 e-con-full e-flex sc_layouts_column_icons_position_left e-con e-parent\" data-id=\"f5261e9\" data-element_type=\"container\" data-e-type=\"container\">\n\t\t<div class=\"e-con-gap-no trx_addons_has_bg_text elementor-element elementor-element-00e675a e-con-full e-flex sc_layouts_column_icons_position_left e-con e-child\" data-bg-text=\"{&quot;bg_text&quot;:&quot;La Noche de Mallorca Empieza Aqu\\u00ed&quot;,&quot;bg_text_effect&quot;:&quot;none&quot;,&quot;bg_text_overlay&quot;:{&quot;url&quot;:&quot;&quot;,&quot;id&quot;:&quot;&quot;,&quot;size&quot;:&quot;&quot;},&quot;bg_text_left&quot;:{&quot;unit&quot;:&quot;%&quot;,&quot;size&quot;:&quot;&quot;,&quot;sizes&quot;:[]},&quot;bg_text_top&quot;:{&quot;unit&quot;:&quot;%&quot;,&quot;size&quot;:&quot;&quot;,&quot;sizes&quot;:[]},&quot;bg_text_z_index&quot;:{&quot;unit&quot;:&quot;px&quot;,&quot;size&quot;:&quot;0&quot;,&quot;sizes&quot;:[]},&quot;bg_text_marquee&quot;:{&quot;unit&quot;:&quot;px&quot;,&quot;size&quot;:6,&quot;sizes&quot;:[]},&quot;bg_text_marquee_hover&quot;:&quot;&quot;,&quot;bg_text_marquee_margin&quot;:{&quot;unit&quot;:&quot;px&quot;,&quot;size&quot;:0,&quot;sizes&quot;:[]},&quot;bg_text_reverse&quot;:0,&quot;bg_text_accelerate&quot;:0,&quot;bg_text_delimiter_icon&quot;:&quot;trx_addons_icon-asterisk&quot;,&quot;bg_text_delimiter_image&quot;:&quot;&quot;,&quot;bg_text_delimiter_svg&quot;:&quot;&quot;,&quot;bg_text_delimiter_rotation&quot;:1}\" data-id=\"00e675a\" data-element_type=\"container\" data-e-type=\"container\">\n\t\t\t\t<\/div>\n\t\t<div class=\"e-con-gap-no trx_addons_has_bg_text elementor-element elementor-element-7621913 e-con-full e-flex sc_layouts_column_icons_position_left e-con e-child\" data-bg-text=\"{&quot;bg_text&quot;:&quot;Palma Events&quot;,&quot;bg_text_effect&quot;:&quot;none&quot;,&quot;bg_text_overlay&quot;:{&quot;url&quot;:&quot;&quot;,&quot;id&quot;:&quot;&quot;,&quot;size&quot;:&quot;&quot;},&quot;bg_text_left&quot;:{&quot;unit&quot;:&quot;%&quot;,&quot;size&quot;:&quot;&quot;,&quot;sizes&quot;:[]},&quot;bg_text_top&quot;:{&quot;unit&quot;:&quot;%&quot;,&quot;size&quot;:&quot;&quot;,&quot;sizes&quot;:[]},&quot;bg_text_z_index&quot;:{&quot;unit&quot;:&quot;px&quot;,&quot;size&quot;:&quot;0&quot;,&quot;sizes&quot;:[]},&quot;bg_text_marquee&quot;:{&quot;unit&quot;:&quot;px&quot;,&quot;size&quot;:6,&quot;sizes&quot;:[]},&quot;bg_text_marquee_hover&quot;:&quot;&quot;,&quot;bg_text_marquee_margin&quot;:{&quot;unit&quot;:&quot;px&quot;,&quot;size&quot;:0,&quot;sizes&quot;:[]},&quot;bg_text_reverse&quot;:1,&quot;bg_text_accelerate&quot;:0,&quot;bg_text_delimiter_icon&quot;:&quot;trx_addons_icon-asterisk&quot;,&quot;bg_text_delimiter_image&quot;:&quot;&quot;,&quot;bg_text_delimiter_svg&quot;:&quot;&quot;,&quot;bg_text_delimiter_rotation&quot;:1}\" data-id=\"7621913\" data-element_type=\"container\" data-e-type=\"container\">\n\t\t\t\t<\/div>\n\t\t\t\t<\/div>\n\t\t<div class=\"e-con-gap-no elementor-element elementor-element-d91ca44 e-con-full e-flex sc_layouts_column_icons_position_left e-con e-parent\" data-id=\"d91ca44\" data-element_type=\"container\" data-e-type=\"container\">\n\t\t<div class=\"elementor-element elementor-element-7072f54 e-con-full e-flex sc_layouts_column_icons_position_left e-con e-child\" data-id=\"7072f54\" data-element_type=\"container\" data-e-type=\"container\">\n\t\t\t\t<div data-animation-type=\"block\" class=\"elementor-element elementor-element-5e9516f animation_type_block sc_fly_static elementor-invisible elementor-widget elementor-widget-heading\" data-id=\"5e9516f\" data-element_type=\"widget\" data-e-type=\"widget\" data-settings=\"{&quot;_animation&quot;:&quot;ta_fadeinup&quot;}\" data-widget_type=\"heading.default\">\n\t\t\t\t\t<h2 class=\"elementor-heading-title elementor-size-default\">Fiestas de Verano en Mallorca<\/h2>\t\t\t\t<\/div>\n\t\t\t\t<div data-animation-type=\"block\" class=\"elementor-element elementor-element-db758f8 animation_type_block sc_fly_static elementor-invisible elementor-widget elementor-widget-heading\" data-id=\"db758f8\" data-element_type=\"widget\" data-e-type=\"widget\" data-settings=\"{&quot;_animation&quot;:&quot;ta_fadeinup&quot;,&quot;_animation_delay&quot;:100}\" data-widget_type=\"heading.default\">\n\t\t\t\t\t<h3 class=\"elementor-heading-title elementor-size-default\">Descubre los Mejores Eventos y Fiestas de la Temporada en la Isla<\/h3>\t\t\t\t<\/div>\n\t\t\t\t<div data-animation-type=\"block\" class=\"elementor-element elementor-element-d40990a animation_type_block sc_fly_static elementor-invisible elementor-widget elementor-widget-text-editor\" data-id=\"d40990a\" data-element_type=\"widget\" data-e-type=\"widget\" data-settings=\"{&quot;_animation&quot;:&quot;ta_fadeinup&quot;,&quot;_animation_delay&quot;:200}\" data-widget_type=\"text-editor.default\">\n\t\t\t\t\t\t\t\t\t<p data-start=\"233\" data-end=\"591\">Si est\u00e1s buscando fiestas verano 2026 en Mallorca, aqu\u00ed encontrar\u00e1s una selecci\u00f3n de eventos, sesiones y planes para salir durante una de las \u00e9pocas m\u00e1s intensas del a\u00f1o. Desde la llegada del buen tiempo hasta el cierre de temporada, la isla se llena de fiestas, eventos especiales y noches que re\u00fanen a miles de personas con ganas de disfrutar del ambiente.<\/p><p data-start=\"593\" data-end=\"977\">La temporada de verano en Mallorca va mucho m\u00e1s all\u00e1 de los meses centrales. A medida que se acerca el calor, empiezan a aparecer nuevas fiestas, aperturas de temporada y eventos que marcan el ritmo de la noche en distintos puntos de la isla. Durante estos meses, la agenda se intensifica y surgen muchas m\u00e1s opciones para salir, descubrir nuevas propuestas y vivir planes diferentes.<\/p><p data-start=\"979\" data-end=\"1255\">En Palma Events puedes consultar f\u00e1cilmente qu\u00e9 fiestas hay durante el verano 2026 en Mallorca, ver los pr\u00f3ximos eventos programados y acceder en un solo lugar a los planes m\u00e1s destacados de la temporada sin tener que buscar en distintos perfiles, promotores o redes sociales.<\/p><p data-start=\"1257\" data-end=\"1438\">Explora las fiestas del verano, descubre nuevos eventos y encuentra r\u00e1pidamente d\u00f3nde salir en Mallorca durante los pr\u00f3ximos meses seg\u00fan el ambiente que te apetezca en cada momento.<\/p>\t\t\t\t\t\t\t\t<\/div>\n\t\t\t\t<div class=\"elementor-element elementor-element-9a032a4 elementor-hidden-desktop sc_fly_static elementor-widget elementor-widget-image\" data-id=\"9a032a4\" data-element_type=\"widget\" data-e-type=\"widget\" data-widget_type=\"image.default\">\n\t\t\t\t\t\t\t\t\t\t\t\t\t\t\t<img loading=\"lazy\" decoding=\"async\" width=\"683\" height=\"1024\" src=\"https:\/\/palmaeventss.com\/wp-content\/uploads\/2026\/03\/portrait-pretty-woman-dj-with-headphones-683x1024.jpg\" class=\"attachment-large size-large wp-image-876\" alt=\"\" srcset=\"https:\/\/palmaeventss.com\/wp-content\/uploads\/2026\/03\/portrait-pretty-woman-dj-with-headphones-683x1024.jpg 683w, https:\/\/palmaeventss.com\/wp-content\/uploads\/2026\/03\/portrait-pretty-woman-dj-with-headphones-200x300.jpg 200w, https:\/\/palmaeventss.com\/wp-content\/uploads\/2026\/03\/portrait-pretty-woman-dj-with-headphones-768x1152.jpg 768w, https:\/\/palmaeventss.com\/wp-content\/uploads\/2026\/03\/portrait-pretty-woman-dj-with-headphones-1024x1536.jpg 1024w, https:\/\/palmaeventss.com\/wp-content\/uploads\/2026\/03\/portrait-pretty-woman-dj-with-headphones-1365x2048.jpg 1365w, https:\/\/palmaeventss.com\/wp-content\/uploads\/2026\/03\/portrait-pretty-woman-dj-with-headphones-8x12.jpg 8w, https:\/\/palmaeventss.com\/wp-content\/uploads\/2026\/03\/portrait-pretty-woman-dj-with-headphones-370x555.jpg 370w, https:\/\/palmaeventss.com\/wp-content\/uploads\/2026\/03\/portrait-pretty-woman-dj-with-headphones-924x1386.jpg 924w, https:\/\/palmaeventss.com\/wp-content\/uploads\/2026\/03\/portrait-pretty-woman-dj-with-headphones-410x615.jpg 410w, https:\/\/palmaeventss.com\/wp-content\/uploads\/2026\/03\/portrait-pretty-woman-dj-with-headphones-scaled.jpg 1707w\" sizes=\"(max-width: 767px) 100vw, 683px\" \/>\t\t\t\t\t\t\t\t\t\t\t\t\t\t\t<\/div>\n\t\t\t\t<\/div>\n\t\t<div class=\"elementor-element elementor-element-2c54625 e-con-full elementor-hidden-mobile elementor-hidden-tablet e-flex sc_layouts_column_icons_position_left e-con e-child\" data-id=\"2c54625\" data-element_type=\"container\" data-e-type=\"container\" data-settings=\"{&quot;background_background&quot;:&quot;classic&quot;}\">\n\t\t\t\t<div class=\"elementor-element elementor-element-b24116a sc_fly_static elementor-widget elementor-widget-spacer\" data-id=\"b24116a\" data-element_type=\"widget\" data-e-type=\"widget\" data-widget_type=\"spacer.default\">\n\t\t\t\t\t\t\t<div class=\"elementor-spacer\">\n\t\t\t<div class=\"elementor-spacer-inner\"><\/div>\n\t\t<\/div>\n\t\t\t\t\t\t<\/div>\n\t\t\t\t<\/div>\n\t\t\t\t<\/div>\n\t\t<div class=\"e-con-gap-no elementor-element elementor-element-4406138 e-con-full e-flex sc_layouts_column_icons_position_left e-con e-parent\" data-id=\"4406138\" data-element_type=\"container\" data-e-type=\"container\">\n\t\t<div class=\"e-con-gap-no elementor-element elementor-element-2890246 e-con-full elementor-hidden-mobile elementor-hidden-tablet e-flex sc_layouts_column_icons_position_left e-con e-child\" data-id=\"2890246\" data-element_type=\"container\" data-e-type=\"container\" data-settings=\"{&quot;background_background&quot;:&quot;slideshow&quot;,&quot;background_slideshow_gallery&quot;:[{&quot;id&quot;:868,&quot;url&quot;:&quot;https:\\\/\\\/palmaeventss.com\\\/wp-content\\\/uploads\\\/2026\\\/03\\\/marcel-strauss-GS9M4vHCwq4-unsplash-scaled.jpg&quot;}],&quot;background_slideshow_loop&quot;:&quot;yes&quot;,&quot;background_slideshow_slide_duration&quot;:5000,&quot;background_slideshow_slide_transition&quot;:&quot;fade&quot;,&quot;background_slideshow_transition_duration&quot;:500}\">\n\t\t\t\t<\/div>\n\t\t<div class=\"elementor-element elementor-element-f210bbc e-con-full e-flex sc_layouts_column_icons_position_left e-con e-child\" data-id=\"f210bbc\" data-element_type=\"container\" data-e-type=\"container\" data-settings=\"{&quot;background_background&quot;:&quot;classic&quot;}\">\n\t\t\t\t<div class=\"elementor-element elementor-element-2829810 sc_fly_static elementor-widget elementor-widget-text-editor\" data-id=\"2829810\" data-element_type=\"widget\" data-e-type=\"widget\" data-widget_type=\"text-editor.default\">\n\t\t\t\t\t\t\t\t\t<p data-start=\"1440\" data-end=\"1691\">La temporada estival concentra algunas de las fiestas m\u00e1s esperadas del a\u00f1o. Entre mayo y octubre, Mallorca acoge eventos que llenan salas, re\u00fanen a un p\u00fablico joven y convierten cada semana en una nueva oportunidad para salir y disfrutar de la noche.<\/p><p data-start=\"1693\" data-end=\"1964\">Palma Events re\u00fane las fiestas del verano 2026 en Mallorca en un solo espacio para que puedas ver de forma clara qu\u00e9 eventos se celebran durante la temporada. As\u00ed resulta mucho m\u00e1s f\u00e1cil comparar planes, descubrir nuevas fiestas y decidir tus pr\u00f3ximas salidas con tiempo.<\/p><p data-start=\"1966\" data-end=\"2323\">Aqu\u00ed puedes consultar las fiestas del verano 2026, encontrar eventos que quiz\u00e1 todav\u00eda no conoc\u00edas y descubrir nuevas opciones para salir en Mallorca durante toda la temporada. Tanto si quieres organizar planes con antelaci\u00f3n como si simplemente buscas inspiraci\u00f3n para las pr\u00f3ximas semanas, Palma Events te ayuda a encontrar los mejores eventos del verano.<\/p>\t\t\t\t\t\t\t\t<\/div>\n\t\t\t\t<div class=\"elementor-element elementor-element-c43080f elementor-hidden-desktop elementor-hidden-tablet sc_fly_static elementor-widget elementor-widget-image\" data-id=\"c43080f\" data-element_type=\"widget\" data-e-type=\"widget\" data-widget_type=\"image.default\">\n\t\t\t\t\t\t\t\t\t\t\t\t\t\t\t<img loading=\"lazy\" decoding=\"async\" width=\"683\" height=\"1024\" src=\"https:\/\/palmaeventss.com\/wp-content\/uploads\/2026\/03\/marcel-strauss-GS9M4vHCwq4-unsplash-683x1024.jpg\" class=\"attachment-large size-large wp-image-868\" alt=\"\" srcset=\"https:\/\/palmaeventss.com\/wp-content\/uploads\/2026\/03\/marcel-strauss-GS9M4vHCwq4-unsplash-683x1024.jpg 683w, https:\/\/palmaeventss.com\/wp-content\/uploads\/2026\/03\/marcel-strauss-GS9M4vHCwq4-unsplash-200x300.jpg 200w, https:\/\/palmaeventss.com\/wp-content\/uploads\/2026\/03\/marcel-strauss-GS9M4vHCwq4-unsplash-768x1151.jpg 768w, https:\/\/palmaeventss.com\/wp-content\/uploads\/2026\/03\/marcel-strauss-GS9M4vHCwq4-unsplash-1025x1536.jpg 1025w, https:\/\/palmaeventss.com\/wp-content\/uploads\/2026\/03\/marcel-strauss-GS9M4vHCwq4-unsplash-1366x2048.jpg 1366w, https:\/\/palmaeventss.com\/wp-content\/uploads\/2026\/03\/marcel-strauss-GS9M4vHCwq4-unsplash-8x12.jpg 8w, https:\/\/palmaeventss.com\/wp-content\/uploads\/2026\/03\/marcel-strauss-GS9M4vHCwq4-unsplash-370x555.jpg 370w, https:\/\/palmaeventss.com\/wp-content\/uploads\/2026\/03\/marcel-strauss-GS9M4vHCwq4-unsplash-924x1385.jpg 924w, https:\/\/palmaeventss.com\/wp-content\/uploads\/2026\/03\/marcel-strauss-GS9M4vHCwq4-unsplash-410x615.jpg 410w, https:\/\/palmaeventss.com\/wp-content\/uploads\/2026\/03\/marcel-strauss-GS9M4vHCwq4-unsplash-scaled.jpg 1708w\" sizes=\"(max-width: 767px) 100vw, 683px\" \/>\t\t\t\t\t\t\t\t\t\t\t\t\t\t\t<\/div>\n\t\t\t\t<\/div>\n\t\t\t\t<\/div>\n\t\t<div class=\"elementor-element elementor-element-7827b93 e-con-full e-flex sc_layouts_column_icons_position_left e-con e-parent\" data-id=\"7827b93\" data-element_type=\"container\" data-e-type=\"container\">\n\t\t<div class=\"elementor-element elementor-element-0785f78 e-con-full e-flex sc_layouts_column_icons_position_left e-con e-child\" data-id=\"0785f78\" data-element_type=\"container\" data-e-type=\"container\">\n\t\t<div data-animation-type=\"block\" class=\"elementor-element elementor-element-21cd62f e-con-full e-flex sc_layouts_column_icons_position_left animation_type_block elementor-invisible e-con e-child\" data-id=\"21cd62f\" data-element_type=\"container\" data-e-type=\"container\" data-settings=\"{&quot;animation&quot;:&quot;ta_fadein&quot;}\">\n\t\t\t\t<div class=\"elementor-element elementor-element-2c6229e sc_fly_static elementor-widget elementor-widget-image\" data-id=\"2c6229e\" data-element_type=\"widget\" data-e-type=\"widget\" data-widget_type=\"image.default\">\n\t\t\t\t\t\t\t\t\t\t\t\t\t\t\t<img loading=\"lazy\" decoding=\"async\" width=\"190\" height=\"80\" src=\"https:\/\/palmaeventss.com\/wp-content\/uploads\/2026\/03\/logo-lunita1.png\" class=\"attachment-full size-full wp-image-345\" alt=\"Descubre las pr\u00f3ximas fiestas en Lunita Mallorca y consulta eventos y sesiones para salir en una de las salas m\u00e1s populares de Can Pastilla.\" \/>\t\t\t\t\t\t\t\t\t\t\t\t\t\t\t<\/div>\n\t\t\t\t<\/div>\n\t\t<div data-animation-type=\"block\" class=\"elementor-element elementor-element-0847560 e-con-full e-flex sc_layouts_column_icons_position_left animation_type_block elementor-invisible e-con e-child\" data-id=\"0847560\" data-element_type=\"container\" data-e-type=\"container\" data-settings=\"{&quot;animation&quot;:&quot;ta_fadein&quot;}\">\n\t\t\t\t<div class=\"elementor-element elementor-element-e28bf61 sc_fly_static elementor-widget elementor-widget-image\" data-id=\"e28bf61\" data-element_type=\"widget\" data-e-type=\"widget\" data-widget_type=\"image.default\">\n\t\t\t\t\t\t\t\t\t\t\t\t\t\t\t<img loading=\"lazy\" decoding=\"async\" width=\"190\" height=\"80\" src=\"https:\/\/palmaeventss.com\/wp-content\/uploads\/2026\/03\/logo-amok1.png\" class=\"attachment-full size-full wp-image-344\" alt=\"Descubre las pr\u00f3ximas fiestas en Amok Mallorca y consulta eventos, sesiones y planes para salir en una de las salas m\u00e1s potentes de la isla.\" \/>\t\t\t\t\t\t\t\t\t\t\t\t\t\t\t<\/div>\n\t\t\t\t<\/div>\n\t\t<div data-animation-type=\"block\" class=\"elementor-element elementor-element-6814f6d e-con-full e-flex sc_layouts_column_icons_position_left animation_type_block elementor-invisible e-con e-child\" data-id=\"6814f6d\" data-element_type=\"container\" data-e-type=\"container\" data-settings=\"{&quot;animation&quot;:&quot;ta_fadein&quot;}\">\n\t\t\t\t<div class=\"elementor-element elementor-element-00f200e sc_fly_static elementor-widget elementor-widget-image\" data-id=\"00f200e\" data-element_type=\"widget\" data-e-type=\"widget\" data-widget_type=\"image.default\">\n\t\t\t\t\t\t\t\t\t\t\t\t\t\t\t<img loading=\"lazy\" decoding=\"async\" width=\"190\" height=\"80\" src=\"https:\/\/palmaeventss.com\/wp-content\/uploads\/2026\/03\/logo-luna.png\" class=\"attachment-full size-full wp-image-339\" alt=\"Descubre las pr\u00f3ximas fiestas en Sala Luna Mallorca y consulta eventos, sesiones y planes para salir. Consigue tus entradas.\" \/>\t\t\t\t\t\t\t\t\t\t\t\t\t\t\t<\/div>\n\t\t\t\t<\/div>\n\t\t\t\t<\/div>\n\t\t\t\t<\/div>\n\t\t<div class=\"e-con-gap-no elementor-element elementor-element-92162a0 e-con-full e-flex sc_layouts_column_icons_position_left e-con e-parent\" data-id=\"92162a0\" data-element_type=\"container\" data-e-type=\"container\" data-settings=\"{&quot;background_background&quot;:&quot;video&quot;,&quot;background_video_link&quot;:&quot;https:\\\/\\\/www.youtube.com\\\/watch?v=dF8jglDD77A&amp;list=RDdF8jglDD77A&amp;start_radio=1&quot;,&quot;background_play_on_mobile&quot;:&quot;yes&quot;}\">\n\t\t<div class=\"elementor-background-video-container\">\n\t\t\t\t\t\t\t<div class=\"elementor-background-video-embed\" role=\"presentation\"><\/div>\n\t\t\t\t\t\t<\/div>\t\t<\/div>\n\t\t<div class=\"e-con-gap-no elementor-element elementor-element-96ba54f e-grid e-con-full sc_layouts_column_icons_position_left e-con e-child\" data-id=\"96ba54f\" data-element_type=\"container\" data-e-type=\"container\">\n\t\t<div data-animation-type=\"block\" class=\"elementor-element elementor-element-719a861 e-con-full e-flex sc_layouts_column_icons_position_left animation_type_block elementor-invisible e-con e-child\" data-id=\"719a861\" data-element_type=\"container\" data-e-type=\"container\" data-settings=\"{&quot;animation&quot;:&quot;ta_fadeinup&quot;}\">\n\t\t\t\t<div class=\"elementor-element elementor-element-5b6ebd0 sc_fly_static elementor-widget elementor-widget-trx_elm_counter\" data-id=\"5b6ebd0\" data-element_type=\"widget\" data-e-type=\"widget\" data-widget_type=\"trx_elm_counter.default\">\n\t\t\t\t<div class=\"elementor-widget-container\">\n\t\t\t\t\t\t\t<div class=\"trx-addons-counter-container\">\n\t\t\t<div class=\"trx-addons-counter trx-addons-counter-5b6ebd0 trx-addons-counter-layout-1\" data-target=\".trx-addons-counter-number-5b6ebd0\"><div class=\"trx-addons-counter-number-title-wrap\"><p class=\"trx-addons-counter-number-wrap\"><span class=\"trx-addons-counter-number-prefix\">+<\/span><span class=\"trx-addons-counter-number trx-addons-counter-number-5b6ebd0\" data-from=\"0\" data-to=\"5\" data-speed=\"1500\" data-separator=\"yes\" data-separator-char=\"\">0<\/span><\/p><div class=\"trx-addons-counter-title-wrap\"><p class=\"trx-addons-counter-title\">Salas<\/p><\/div><\/div><\/div>\n\t\t<\/div>\n\t\t\t\t\t\t<\/div>\n\t\t\t\t<\/div>\n\t\t\t\t<\/div>\n\t\t<div data-animation-type=\"block\" class=\"elementor-element elementor-element-0ddd9c3 e-con-full e-flex sc_layouts_column_icons_position_left animation_type_block elementor-invisible e-con e-child\" data-id=\"0ddd9c3\" data-element_type=\"container\" data-e-type=\"container\" data-settings=\"{&quot;animation&quot;:&quot;ta_fadeinup&quot;,&quot;animation_delay&quot;:100}\">\n\t\t\t\t<div class=\"elementor-element elementor-element-92fd724 sc_fly_static elementor-widget elementor-widget-trx_elm_counter\" data-id=\"92fd724\" data-element_type=\"widget\" data-e-type=\"widget\" data-widget_type=\"trx_elm_counter.default\">\n\t\t\t\t<div class=\"elementor-widget-container\">\n\t\t\t\t\t\t\t<div class=\"trx-addons-counter-container\">\n\t\t\t<div class=\"trx-addons-counter trx-addons-counter-92fd724 trx-addons-counter-layout-1\" data-target=\".trx-addons-counter-number-92fd724\"><div class=\"trx-addons-counter-number-title-wrap\"><p class=\"trx-addons-counter-number-wrap\"><span class=\"trx-addons-counter-number-prefix\">+<\/span><span class=\"trx-addons-counter-number trx-addons-counter-number-92fd724\" data-from=\"0\" data-to=\"310\" data-speed=\"1500\" data-separator=\"yes\" data-separator-char=\"\">0<\/span><\/p><div class=\"trx-addons-counter-title-wrap\"><p class=\"trx-addons-counter-title\">Eventos<\/p><\/div><\/div><\/div>\n\t\t<\/div>\n\t\t\t\t\t\t<\/div>\n\t\t\t\t<\/div>\n\t\t\t\t<\/div>\n\t\t<div data-animation-type=\"block\" class=\"elementor-element elementor-element-fc72ad6 e-con-full e-flex sc_layouts_column_icons_position_left animation_type_block elementor-invisible e-con e-child\" data-id=\"fc72ad6\" data-element_type=\"container\" data-e-type=\"container\" data-settings=\"{&quot;animation&quot;:&quot;ta_fadeinup&quot;,&quot;animation_delay&quot;:200}\">\n\t\t\t\t<div class=\"elementor-element elementor-element-b971829 sc_fly_static elementor-widget elementor-widget-trx_elm_counter\" data-id=\"b971829\" data-element_type=\"widget\" data-e-type=\"widget\" data-widget_type=\"trx_elm_counter.default\">\n\t\t\t\t<div class=\"elementor-widget-container\">\n\t\t\t\t\t\t\t<div class=\"trx-addons-counter-container\">\n\t\t\t<div class=\"trx-addons-counter trx-addons-counter-b971829 trx-addons-counter-layout-1\" data-target=\".trx-addons-counter-number-b971829\"><div class=\"trx-addons-counter-number-title-wrap\"><p class=\"trx-addons-counter-number-wrap\"><span class=\"trx-addons-counter-number-prefix\">+<\/span><span class=\"trx-addons-counter-number trx-addons-counter-number-b971829\" data-from=\"0\" data-to=\"200\" data-speed=\"1500\" data-separator=\"yes\" data-separator-char=\"\">0<\/span><span class=\"trx-addons-counter-number-suffix\">k<\/span><\/p><div class=\"trx-addons-counter-title-wrap\"><p class=\"trx-addons-counter-title\">Entradas Vendidas<\/p><\/div><\/div><\/div>\n\t\t<\/div>\n\t\t\t\t\t\t<\/div>\n\t\t\t\t<\/div>\n\t\t\t\t<\/div>\n\t\t<div data-animation-type=\"block\" class=\"elementor-element elementor-element-a26ca4d e-con-full e-flex sc_layouts_column_icons_position_left animation_type_block elementor-invisible e-con e-child\" data-id=\"a26ca4d\" data-element_type=\"container\" data-e-type=\"container\" data-settings=\"{&quot;animation&quot;:&quot;ta_fadeinup&quot;,&quot;animation_delay&quot;:300}\">\n\t\t\t\t<div class=\"elementor-element elementor-element-0463c3f sc_fly_static elementor-widget elementor-widget-trx_elm_counter\" data-id=\"0463c3f\" data-element_type=\"widget\" data-e-type=\"widget\" data-widget_type=\"trx_elm_counter.default\">\n\t\t\t\t<div class=\"elementor-widget-container\">\n\t\t\t\t\t\t\t<div class=\"trx-addons-counter-container\">\n\t\t\t<div class=\"trx-addons-counter trx-addons-counter-0463c3f trx-addons-counter-layout-1\" data-target=\".trx-addons-counter-number-0463c3f\"><div class=\"trx-addons-counter-number-title-wrap\"><p class=\"trx-addons-counter-number-wrap\"><span class=\"trx-addons-counter-number trx-addons-counter-number-0463c3f\" data-from=\"0\" data-to=\"12\" data-speed=\"1500\" data-separator=\"yes\" data-separator-char=\"\">0<\/span><\/p><div class=\"trx-addons-counter-title-wrap\"><p class=\"trx-addons-counter-title\">Meses al A\u00f1o<\/p><\/div><\/div><\/div>\n\t\t<\/div>\n\t\t\t\t\t\t<\/div>\n\t\t\t\t<\/div>\n\t\t\t\t<\/div>\n\t\t\t\t<\/div>\n\t\t<div class=\"elementor-element elementor-element-67dddcc e-flex e-con-boxed sc_layouts_column_icons_position_left e-con e-child\" data-id=\"67dddcc\" data-element_type=\"container\" data-e-type=\"container\" data-settings=\"{&quot;background_background&quot;:&quot;classic&quot;}\">\n\t\t\t\t\t<div class=\"e-con-inner\">\n\t\t<div data-animation-type=\"block\" class=\"elementor-element elementor-element-cfdf689 e-con-full e-flex sc_layouts_column_icons_position_left animation_type_block elementor-invisible e-con e-child\" data-id=\"cfdf689\" data-element_type=\"container\" data-e-type=\"container\" data-settings=\"{&quot;animation&quot;:&quot;ta_fadeinup&quot;}\">\n\t\t\t\t<div class=\"elementor-element elementor-element-8926c84 elementor-widget__width-initial elementor-widget-mobile__width-inherit sc_fly_static elementor-widget elementor-widget-heading\" data-id=\"8926c84\" data-element_type=\"widget\" data-e-type=\"widget\" data-widget_type=\"heading.default\">\n\t\t\t\t\t<h2 class=\"elementor-heading-title elementor-size-default\">Ent\u00e9rate antes que nadie de las pr\u00f3ximas fiestas en Mallorca<\/h2>\t\t\t\t<\/div>\n\t\t\t\t<\/div>\n\t\t<div data-animation-type=\"block\" class=\"elementor-element elementor-element-df72693 e-con-full e-flex sc_layouts_column_icons_position_left animation_type_block elementor-invisible e-con e-child\" data-id=\"df72693\" data-element_type=\"container\" data-e-type=\"container\" data-settings=\"{&quot;animation&quot;:&quot;ta_fadeinup&quot;,&quot;animation_delay&quot;:100}\">\n\t\t\t\t<div class=\"elementor-element elementor-element-23a49ee sc_fly_static elementor-widget elementor-widget-metform\" data-id=\"23a49ee\" data-element_type=\"widget\" data-e-type=\"widget\" data-widget_type=\"metform.default\">\n\t\t\t\t\t<div id=\"mf-response-props-id-63\" data-previous-steps-style=\"\" data-editswitchopen=\"\" data-response_type=\"alert\" data-erroricon=\"fas fa-exclamation-triangle\" data-successicon=\"fas fa-check\" data-messageposition=\"top\" class=\"   mf-scroll-top-no\">\n\t\t<div class=\"formpicker_warper formpicker_warper_editable\" data-metform-formpicker-key=\"63\" >\n\t\t\t\t\n\t\t\t<div class=\"mf-widget-container\">\n\t\t\t\t\r\n\t\t<div\r\n\t\t\tid=\"metform-wrap-23a49ee-63\"\r\n\t\t\tclass=\"mf-form-wrapper\"\r\n\t\t\tdata-form-id=\"63\"\r\n\t\t\tdata-action=\"https:\/\/palmaeventss.com\/en\/wp-json\/metform\/v1\/entries\/insert\/63\"\r\n\t\t\tdata-wp-nonce=\"3f022ae5e7\"\r\n\t\t\tdata-form-nonce=\"03f586b727\"\r\n\t\t\tdata-quiz-summery = \"false\"\r\n\t\t\tdata-save-progress = \"false\"\r\n\t\t\tdata-form-type=\"general-form\"\r\n\t\t\tdata-stop-vertical-effect=\"\"\r\n\t\t\t><\/div>\r\n\r\n\r\n\t\t<!----------------------------- \r\n\t\t\t* controls_data : find the the props passed indie of data attribute\r\n\t\t\t* props.SubmitResponseMarkup : contains the markup of error or success message\r\n\t\t\t* https:\/\/developer.mozilla.org\/en-US\/docs\/Web\/JavaScript\/Reference\/Template_literals\r\n\t\t--------------------------- -->\r\n\r\n\t\t\t\t<script type=\"text\/mf\" class=\"mf-template\">\r\n\t\t\tfunction controls_data (value){\r\n\t\t\t\tlet currentWrapper = \"mf-response-props-id-63\";\r\n\t\t\t\tlet currentEl = document.getElementById(currentWrapper);\r\n\t\t\t\t\r\n\t\t\t\treturn currentEl ? currentEl.dataset[value] : false\r\n\t\t\t}\r\n\r\n\r\n\t\t\tlet is_edit_mode = '' ? true : false;\r\n\t\t\tlet message_position = controls_data('messageposition') || 'top';\r\n\r\n\t\t\t\r\n\t\t\tlet message_successIcon = controls_data('successicon') || '';\r\n\t\t\tlet message_errorIcon = controls_data('erroricon') || '';\r\n\t\t\tlet message_editSwitch = controls_data('editswitchopen') === 'yes' ? true : false;\r\n\t\t\tlet message_proClass = controls_data('editswitchopen') === 'yes' ? 'mf_pro_activated' : '';\r\n\t\t\t\r\n\t\t\tlet is_dummy_markup = is_edit_mode && message_editSwitch ? true : false;\r\n\r\n\t\t\t\r\n\t\t\treturn html`\r\n\t\t\t\t<form\r\n\t\t\t\t\tclassName=\"metform-form-content\"\r\n\t\t\t\t\tref=${parent.formContainerRef}\r\n\t\t\t\t\tonSubmit=${ validation.handleSubmit( parent.handleFormSubmit ) }\r\n\t\t\t\t\r\n\t\t\t\t\t>\r\n\t\t\t\r\n\t\t\t\r\n\t\t\t\t\t${is_dummy_markup ? message_position === 'top' ?  props.ResponseDummyMarkup(message_successIcon, message_proClass) : '' : ''}\r\n\t\t\t\t\t${is_dummy_markup ? ' ' :  message_position === 'top' ? props.SubmitResponseMarkup`${parent}${state}${message_successIcon}${message_errorIcon}${message_proClass}` : ''}\r\n\r\n\t\t\t\t\t<!--------------------------------------------------------\r\n\t\t\t\t\t*** IMPORTANT \/ DANGEROUS ***\r\n\t\t\t\t\t${html``} must be used as in immediate child of \"metform-form-main-wrapper\"\r\n\t\t\t\t\tclass otherwise multistep form will not run at all\r\n\t\t\t\t\t---------------------------------------------------------->\r\n\r\n\t\t\t\t\t<div className=\"metform-form-main-wrapper\" key=${'hide-form-after-submit'} ref=${parent.formRef}>\r\n\t\t\t\t\t${html`\r\n\t\t\t\t\t\t\t\t<div data-elementor-type=\"wp-post\" key=\"2\" data-elementor-id=\"63\" className=\"elementor elementor-63\" data-elementor-post-type=\"metform-form\">\n\t\t\t\t<div className=\"elementor-element elementor-element-7b62f4ea e-con-full e-flex sc_layouts_column_icons_position_left e-con e-parent\" data-id=\"7b62f4ea\" data-element_type=\"container\" data-e-type=\"container\">\n\t\t<div className=\"elementor-element elementor-element-59357ce7 e-con-full e-flex sc_layouts_column_icons_position_left e-con e-child\" data-id=\"59357ce7\" data-element_type=\"container\" data-e-type=\"container\">\n\t\t\t\t<div className=\"elementor-element elementor-element-13ce40dc elementor-absolute elementor-view-default sc_fly_static elementor-widget elementor-widget-icon\" data-id=\"13ce40dc\" data-element_type=\"widget\" data-e-type=\"widget\" data-settings=\"{&quot;_position&quot;:&quot;absolute&quot;}\" data-widget_type=\"icon.default\">\n\t\t\t\t\t\t\t<div className=\"elementor-icon-wrapper\">\n\t\t\t<div className=\"elementor-icon\">\n\t\t\t\t\t\t<\/div>\n\t\t<\/div>\n\t\t\t\t\t\t<\/div>\n\t\t\t\t<div className=\"elementor-element elementor-element-1453f5b elementor-widget__width-inherit sc_fly_static elementor-widget elementor-widget-mf-email\" data-id=\"1453f5b\" data-element_type=\"widget\" data-e-type=\"widget\" data-settings=\"{&quot;mf_input_name&quot;:&quot;mf-email&quot;}\" data-widget_type=\"mf-email.default\">\n\t\t\t\t\t\r\n\t\t<div className=\"mf-input-wrapper\">\r\n\t\t\t\r\n\t\t\t<input \r\n\t\t\t\ttype=\"email\" \r\n\t\t\t\t \r\n\t\t\t\tdefaultValue=\"\" \r\n\t\t\t\tclassName=\"mf-input mf-conditional-input\" \r\n\t\t\t\tid=\"mf-input-email-1453f5b\" \r\n\t\t\t\tname=\"mf-email\" \r\n\t\t\t\tplaceholder=\"${ parent.decodeEntities(`Tu Email`) } \" \r\n\t\t\t\t \r\n\t\t\t\tonBlur=${parent.handleChange} onFocus=${parent.handleChange} aria-invalid=${validation.errors['mf-email'] ? 'true' : 'false' } \r\n\t\t\t\tref=${el=> parent.activateValidation({\"message\":\"This field is required.\",\"emailMessage\":\"Please enter a valid Email address\",\"minLength\":1,\"maxLength\":\"\",\"type\":\"none\",\"required\":true,\"expression\":\"null\"}, el)}\r\n\t\t\t\t\t\t\t\/>\r\n\r\n\t\t\t\t\t\t<${validation.ErrorMessage} \r\n\t\t\t\terrors=${validation.errors} \r\n\t\t\t\tname=\"mf-email\" \r\n\t\t\t\tas=${html`<span className=\"mf-error-message\"><\/span>`}\r\n\t\t\t\/>\r\n\t\t\t\r\n\t\t\t\t\t<\/div>\r\n\r\n\t\t\t\t<\/div>\n\t\t\t\t<div className=\"elementor-element elementor-element-3c2cef76 mf-btn--mobile-justify elementor-absolute sc_fly_static elementor-widget elementor-widget-mf-button\" data-id=\"3c2cef76\" data-element_type=\"widget\" data-e-type=\"widget\" data-settings=\"{&quot;_position&quot;:&quot;absolute&quot;}\" data-widget_type=\"mf-button.default\">\n\t\t\t\t\t\t\t<div className=\"mf-btn-wraper \" data-mf-form-conditional-logic-requirement=\"\">\r\n\t\t\t\t\t\t\t<button type=\"submit\" className=\"metform-btn metform-submit-btn \" id=\"\">\r\n\t\t\t\t\t<span>${ parent.decodeEntities(`Suscribirse`) } <\/span>\r\n\t\t\t\t<\/button>\r\n\t\t\t        <\/div>\r\n        \t\t\t\t<\/div>\n\t\t\t\t<\/div>\n\t\t\t\t<div className=\"elementor-element elementor-element-58109934 sc_fly_static elementor-widget elementor-widget-mf-gdpr-consent\" data-id=\"58109934\" data-element_type=\"widget\" data-e-type=\"widget\" data-settings=\"{&quot;mf_input_name&quot;:&quot;mf-gdpr-consent&quot;}\" data-widget_type=\"mf-gdpr-consent.default\">\n\t\t\t\t\t\n\t\t<div className=\"mf-input-wrapper\">\n\t\t\t\n\t\t\t<div className=\"mf-checkbox multi-option-input-type\" id=\"mf-input-gdpr-58109934\">\n\t\t\t\t<div className=\"mf-checkbox-option\">\n\t\t\t\t\t<label>\n\t\t\t\t\t\t\t\t\t\t\t\t<input\n\t\t\t\t\t\t\ttype=\"checkbox\"\n\t\t\t\t\t\t\tclassName=\"mf-input mf-checkbox-input \"\n\t\t\t\t\t\t\tname=\"mf-gdpr-consent\"\n\t\t\t\t\t\t\t\t\t\t\t\t\t\t\tonInput=${ parent.handleOptin }\n\t\t\t\t\t\t\t\taria-invalid=${validation.errors['mf-gdpr-consent'] ? 'true' : 'false'}\n\t\t\t\t\t\t\t\tref=${ el => parent.activateValidation({\"message\":\"This field is required.\",\"minLength\":1,\"maxLength\":\"\",\"type\":\"none\",\"required\":true,\"expression\":\"null\"}, el) }\n\t\t\t\t\t\t\t\t\t\t\t\t\t\t\/>\n\t\t\t\t\t\t<span>\n\t\t\t\t\t\t\tAcepto que los datos que he enviado sean  <a href='\/politica-de-privacidad\/'>recogidos y almacenados<\/a>.\t\t\t\t\t\t<\/span>\n\t\t\t\t\t<\/label>\n\t\t\t\t<\/div>\n\t\t\t<\/div>\n\n\t\t\t\t\t\t\t<${validation.ErrorMessage}\n\t\t\t\t\terrors=${validation.errors}\n\t\t\t\t\tname=\"mf-gdpr-consent\"\n\t\t\t\t\tas=${html`<span className=\"mf-error-message\"><\/span>`}\n\t\t\t\t\t\/>\n\t\t\t\n\t\t\t\t\t<\/div>\n\n\t\t\t\t\t\t<\/div>\n\t\t\t\t<\/div>\n\t\t\t\t<\/div>\n\t\t\t\t\t\t\t`}\r\n\t\t\t\t\t<\/div>\r\n\r\n\t\t\t\t\t${is_dummy_markup ? message_position === 'bottom' ? props.ResponseDummyMarkup(message_successIcon, message_proClass) : '' : ''}\r\n\t\t\t\t\t${is_dummy_markup ? ' ' : message_position === 'bottom' ? props.SubmitResponseMarkup`${parent}${state}${message_successIcon}${message_errorIcon}${message_proClass}` : ''}\r\n\t\t\t\t\r\n\t\t\t\t<\/form>\r\n\t\t\t`\r\n\t\t<\/script>\r\n\r\n\t\t\t\t\t<\/div>\n\t\t<\/div>\n\t\t<\/div>\t\t\t\t<\/div>\n\t\t\t\t<\/div>\n\t\t\t\t\t<\/div>\n\t\t\t\t<\/div>\n\t\t\t\t<\/div>\n\t\t","protected":false},"excerpt":{"rendered":"<p>Fiestas Verano 2026 en Mallorca Descubre los mejores eventos y fiestas en Mallorca&hellip;<\/p>","protected":false},"author":1,"featured_media":148,"parent":0,"menu_order":0,"comment_status":"closed","ping_status":"closed","template":"","meta":{"_price":"","_stock":"","_tribe_ticket_header":"","_tribe_default_ticket_provider":"","_tribe_ticket_capacity":"0","_ticket_start_date":"","_ticket_end_date":"","_tribe_ticket_show_description":"","_tribe_ticket_show_not_going":false,"_tribe_ticket_use_global_stock":"","_tribe_ticket_global_stock_level":"","_global_stock_mode":"","_global_stock_cap":"","_tribe_rsvp_for_event":"","_tribe_ticket_going_count":"","_tribe_ticket_not_going_count":"","_tribe_tickets_list":"[]","_tribe_ticket_has_attendee_info_fields":false,"_joinchat":[],"footnotes":"","_tec_slr_enabled":"","_tec_slr_layout":""},"class_list":["post-433","page","type-page","status-publish","has-post-thumbnail","hentry"],"yoast_head":"<!-- This site is optimized with the Yoast SEO plugin v27.4 - https:\/\/yoast.com\/product\/yoast-seo-wordpress\/ -->\n<title>Fiestas Verano 2026 en Mallorca - Palma Events<\/title>\n<meta name=\"description\" content=\"Descubre las mejores fiestas de verano 2026 en Mallorca y consulta eventos, sesiones y planes para salir durante la temporada en la isla.\" \/>\n<meta name=\"robots\" content=\"index, follow, max-snippet:-1, max-image-preview:large, max-video-preview:-1\" \/>\n<link rel=\"canonical\" href=\"https:\/\/palmaeventss.com\/en\/summer-festivals-in-mallorca\/\" \/>\n<meta property=\"og:locale\" content=\"en_GB\" \/>\n<meta property=\"og:type\" content=\"article\" \/>\n<meta property=\"og:title\" content=\"Fiestas Verano 2026 en Mallorca - Palma Events\" \/>\n<meta property=\"og:description\" content=\"Descubre las mejores fiestas de verano 2026 en Mallorca y consulta eventos, sesiones y planes para salir durante la temporada en la isla.\" \/>\n<meta property=\"og:url\" content=\"https:\/\/palmaeventss.com\/en\/summer-festivals-in-mallorca\/\" \/>\n<meta property=\"og:site_name\" content=\"Palma Events\" \/>\n<meta property=\"article:modified_time\" content=\"2026-04-27T11:13:14+00:00\" \/>\n<meta property=\"og:image\" content=\"https:\/\/palmaeventss.com\/wp-content\/uploads\/2026\/02\/5.jpg\" \/>\n\t<meta property=\"og:image:width\" content=\"1000\" \/>\n\t<meta property=\"og:image:height\" content=\"1000\" \/>\n\t<meta property=\"og:image:type\" content=\"image\/jpeg\" \/>\n<meta name=\"twitter:card\" content=\"summary_large_image\" \/>\n<meta name=\"twitter:label1\" content=\"Estimated reading time\" \/>\n\t<meta name=\"twitter:data1\" content=\"4 minutes\" \/>\n<script type=\"application\/ld+json\" class=\"yoast-schema-graph\">{\"@context\":\"https:\\\/\\\/schema.org\",\"@graph\":[{\"@type\":\"WebPage\",\"@id\":\"https:\\\/\\\/palmaeventss.com\\\/fiestas-verano-en-mallorca\\\/\",\"url\":\"https:\\\/\\\/palmaeventss.com\\\/fiestas-verano-en-mallorca\\\/\",\"name\":\"Fiestas Verano 2026 en Mallorca - Palma Events\",\"isPartOf\":{\"@id\":\"https:\\\/\\\/palmaeventss.com\\\/#website\"},\"primaryImageOfPage\":{\"@id\":\"https:\\\/\\\/palmaeventss.com\\\/fiestas-verano-en-mallorca\\\/#primaryimage\"},\"image\":{\"@id\":\"https:\\\/\\\/palmaeventss.com\\\/fiestas-verano-en-mallorca\\\/#primaryimage\"},\"thumbnailUrl\":\"https:\\\/\\\/palmaeventss.com\\\/wp-content\\\/uploads\\\/2026\\\/02\\\/5.jpg\",\"datePublished\":\"2026-03-12T08:25:30+00:00\",\"dateModified\":\"2026-04-27T11:13:14+00:00\",\"description\":\"Descubre las mejores fiestas de verano 2026 en Mallorca y consulta eventos, sesiones y planes para salir durante la temporada en la isla.\",\"breadcrumb\":{\"@id\":\"https:\\\/\\\/palmaeventss.com\\\/fiestas-verano-en-mallorca\\\/#breadcrumb\"},\"inLanguage\":\"en-GB\",\"potentialAction\":[{\"@type\":\"ReadAction\",\"target\":[\"https:\\\/\\\/palmaeventss.com\\\/fiestas-verano-en-mallorca\\\/\"]}]},{\"@type\":\"ImageObject\",\"inLanguage\":\"en-GB\",\"@id\":\"https:\\\/\\\/palmaeventss.com\\\/fiestas-verano-en-mallorca\\\/#primaryimage\",\"url\":\"https:\\\/\\\/palmaeventss.com\\\/wp-content\\\/uploads\\\/2026\\\/02\\\/5.jpg\",\"contentUrl\":\"https:\\\/\\\/palmaeventss.com\\\/wp-content\\\/uploads\\\/2026\\\/02\\\/5.jpg\",\"width\":1000,\"height\":1000,\"caption\":\"Descubre las mejores fiestas de verano 2026 en Mallorca y consulta eventos, sesiones y planes para salir durante la temporada en la isla.\"},{\"@type\":\"BreadcrumbList\",\"@id\":\"https:\\\/\\\/palmaeventss.com\\\/fiestas-verano-en-mallorca\\\/#breadcrumb\",\"itemListElement\":[{\"@type\":\"ListItem\",\"position\":1,\"name\":\"Portada\",\"item\":\"https:\\\/\\\/palmaeventss.com\\\/\"},{\"@type\":\"ListItem\",\"position\":2,\"name\":\"Fiestas Verano 2026 en Mallorca\"}]},{\"@type\":\"WebSite\",\"@id\":\"https:\\\/\\\/palmaeventss.com\\\/#website\",\"url\":\"https:\\\/\\\/palmaeventss.com\\\/\",\"name\":\"Palma Events\",\"description\":\"\",\"publisher\":{\"@id\":\"https:\\\/\\\/palmaeventss.com\\\/#organization\"},\"potentialAction\":[{\"@type\":\"SearchAction\",\"target\":{\"@type\":\"EntryPoint\",\"urlTemplate\":\"https:\\\/\\\/palmaeventss.com\\\/?s={search_term_string}\"},\"query-input\":{\"@type\":\"PropertyValueSpecification\",\"valueRequired\":true,\"valueName\":\"search_term_string\"}}],\"inLanguage\":\"en-GB\"},{\"@type\":\"Organization\",\"@id\":\"https:\\\/\\\/palmaeventss.com\\\/#organization\",\"name\":\"Palma Events\",\"url\":\"https:\\\/\\\/palmaeventss.com\\\/\",\"logo\":{\"@type\":\"ImageObject\",\"inLanguage\":\"en-GB\",\"@id\":\"https:\\\/\\\/palmaeventss.com\\\/#\\\/schema\\\/logo\\\/image\\\/\",\"url\":\"https:\\\/\\\/palmaeventss.com\\\/wp-content\\\/uploads\\\/2026\\\/03\\\/Palma-Events.jpg\",\"contentUrl\":\"https:\\\/\\\/palmaeventss.com\\\/wp-content\\\/uploads\\\/2026\\\/03\\\/Palma-Events.jpg\",\"width\":1080,\"height\":1350,\"caption\":\"Palma Events\"},\"image\":{\"@id\":\"https:\\\/\\\/palmaeventss.com\\\/#\\\/schema\\\/logo\\\/image\\\/\"}}]}<\/script>\n<!-- \/ Yoast SEO plugin. -->","yoast_head_json":{"title":"Summer Parties 2026 in Mallorca - Palma Events","description":"Discover the best summer parties 2026 in Mallorca and check out events, sessions and plans to go out during the season on the island.","robots":{"index":"index","follow":"follow","max-snippet":"max-snippet:-1","max-image-preview":"max-image-preview:large","max-video-preview":"max-video-preview:-1"},"canonical":"https:\/\/palmaeventss.com\/en\/summer-festivals-in-mallorca\/","og_locale":"en_GB","og_type":"article","og_title":"Fiestas Verano 2026 en Mallorca - Palma Events","og_description":"Descubre las mejores fiestas de verano 2026 en Mallorca y consulta eventos, sesiones y planes para salir durante la temporada en la isla.","og_url":"https:\/\/palmaeventss.com\/en\/summer-festivals-in-mallorca\/","og_site_name":"Palma Events","article_modified_time":"2026-04-27T11:13:14+00:00","og_image":[{"width":1000,"height":1000,"url":"https:\/\/palmaeventss.com\/wp-content\/uploads\/2026\/02\/5.jpg","type":"image\/jpeg"}],"twitter_card":"summary_large_image","twitter_misc":{"Estimated reading time":"4 minutes"},"schema":{"@context":"https:\/\/schema.org","@graph":[{"@type":"WebPage","@id":"https:\/\/palmaeventss.com\/fiestas-verano-en-mallorca\/","url":"https:\/\/palmaeventss.com\/fiestas-verano-en-mallorca\/","name":"Summer Parties 2026 in Mallorca - Palma Events","isPartOf":{"@id":"https:\/\/palmaeventss.com\/#website"},"primaryImageOfPage":{"@id":"https:\/\/palmaeventss.com\/fiestas-verano-en-mallorca\/#primaryimage"},"image":{"@id":"https:\/\/palmaeventss.com\/fiestas-verano-en-mallorca\/#primaryimage"},"thumbnailUrl":"https:\/\/palmaeventss.com\/wp-content\/uploads\/2026\/02\/5.jpg","datePublished":"2026-03-12T08:25:30+00:00","dateModified":"2026-04-27T11:13:14+00:00","description":"Discover the best summer parties 2026 in Mallorca and check out events, sessions and plans to go out during the season on the island.","breadcrumb":{"@id":"https:\/\/palmaeventss.com\/fiestas-verano-en-mallorca\/#breadcrumb"},"inLanguage":"en-GB","potentialAction":[{"@type":"ReadAction","target":["https:\/\/palmaeventss.com\/fiestas-verano-en-mallorca\/"]}]},{"@type":"ImageObject","inLanguage":"en-GB","@id":"https:\/\/palmaeventss.com\/fiestas-verano-en-mallorca\/#primaryimage","url":"https:\/\/palmaeventss.com\/wp-content\/uploads\/2026\/02\/5.jpg","contentUrl":"https:\/\/palmaeventss.com\/wp-content\/uploads\/2026\/02\/5.jpg","width":1000,"height":1000,"caption":"Descubre las mejores fiestas de verano 2026 en Mallorca y consulta eventos, sesiones y planes para salir durante la temporada en la isla."},{"@type":"BreadcrumbList","@id":"https:\/\/palmaeventss.com\/fiestas-verano-en-mallorca\/#breadcrumb","itemListElement":[{"@type":"ListItem","position":1,"name":"Portada","item":"https:\/\/palmaeventss.com\/"},{"@type":"ListItem","position":2,"name":"Fiestas Verano 2026 en Mallorca"}]},{"@type":"WebSite","@id":"https:\/\/palmaeventss.com\/#website","url":"https:\/\/palmaeventss.com\/","name":"Palma Events","description":"","publisher":{"@id":"https:\/\/palmaeventss.com\/#organization"},"potentialAction":[{"@type":"SearchAction","target":{"@type":"EntryPoint","urlTemplate":"https:\/\/palmaeventss.com\/?s={search_term_string}"},"query-input":{"@type":"PropertyValueSpecification","valueRequired":true,"valueName":"search_term_string"}}],"inLanguage":"en-GB"},{"@type":"Organization","@id":"https:\/\/palmaeventss.com\/#organization","name":"Palma Events","url":"https:\/\/palmaeventss.com\/","logo":{"@type":"ImageObject","inLanguage":"en-GB","@id":"https:\/\/palmaeventss.com\/#\/schema\/logo\/image\/","url":"https:\/\/palmaeventss.com\/wp-content\/uploads\/2026\/03\/Palma-Events.jpg","contentUrl":"https:\/\/palmaeventss.com\/wp-content\/uploads\/2026\/03\/Palma-Events.jpg","width":1080,"height":1350,"caption":"Palma Events"},"image":{"@id":"https:\/\/palmaeventss.com\/#\/schema\/logo\/image\/"}}]}},"ticketed":false,"_links":{"self":[{"href":"https:\/\/palmaeventss.com\/en\/wp-json\/wp\/v2\/pages\/433","targetHints":{"allow":["GET"]}}],"collection":[{"href":"https:\/\/palmaeventss.com\/en\/wp-json\/wp\/v2\/pages"}],"about":[{"href":"https:\/\/palmaeventss.com\/en\/wp-json\/wp\/v2\/types\/page"}],"author":[{"embeddable":true,"href":"https:\/\/palmaeventss.com\/en\/wp-json\/wp\/v2\/users\/1"}],"replies":[{"embeddable":true,"href":"https:\/\/palmaeventss.com\/en\/wp-json\/wp\/v2\/comments?post=433"}],"version-history":[{"count":52,"href":"https:\/\/palmaeventss.com\/en\/wp-json\/wp\/v2\/pages\/433\/revisions"}],"predecessor-version":[{"id":1205,"href":"https:\/\/palmaeventss.com\/en\/wp-json\/wp\/v2\/pages\/433\/revisions\/1205"}],"wp:featuredmedia":[{"embeddable":true,"href":"https:\/\/palmaeventss.com\/en\/wp-json\/wp\/v2\/media\/148"}],"wp:attachment":[{"href":"https:\/\/palmaeventss.com\/en\/wp-json\/wp\/v2\/media?parent=433"}],"curies":[{"name":"wp","href":"https:\/\/api.w.org\/{rel}","templated":true}]}}